{"id":270,"date":"2023-12-04T14:30:23","date_gmt":"2023-12-04T14:30:23","guid":{"rendered":"https:\/\/spvggzangberg.de\/cg_wp_84539\/?page_id=270"},"modified":"2026-04-14T05:21:27","modified_gmt":"2026-04-14T05:21:27","slug":"abteilungen","status":"publish","type":"page","link":"https:\/\/spvggzangberg.de\/?page_id=270","title":{"rendered":"Abteilungen"},"content":{"rendered":"\n<h2 class=\"wp-block-heading has-text-align-center has-luminous-vivid-amber-color has-text-color has-link-color wp-elements-0444708cf4c7eb557fb87c3a9848a048\" id=\"Fussball\">Fussball<\/h2>\n\n\n\n<h4 class=\"wp-block-heading has-text-align-center\">Ansprechpartner Jugend:  Stefan Kern: 01516 7220859 <a href=\"mailto:s.kern.1993@web.de\">s.kern.1993@web.de<\/a><\/h4>\n\n\n\n<h4 class=\"wp-block-heading has-text-align-center\">Ansprechpartner Herren:  Rene Mailhammer: 0174 3748323 Robert Kruse: 0175 8477178<\/h4>\n\n\n\n<h4 class=\"wp-block-heading has-text-align-center\">Ansprechpartner AH: Bj\u00f6rn Seifen: 01514 6178733<\/h4>\n\n\n\n<p class=\"has-text-align-center\"><a href=\"https:\/\/www.bfv.de\/textsuche?query=zangberg\" target=\"_blank\" rel=\"noreferrer noopener\"><strong>BFV &#8211; Mannschafts\u00fcbersicht<\/strong><\/a><\/p>\n\n\n\n<div class=\"wp-block-columns is-layout-flex wp-container-core-columns-is-layout-9d6595d7 wp-block-columns-is-layout-flex\">\n<div class=\"wp-block-column is-layout-flow wp-block-column-is-layout-flow\">\n<h3 class=\"wp-block-heading has-text-align-center\"> Bambini &#8211; Ballgew\u00f6hnungsgruppe<\/h3>\n\n\n\n<figure class=\"wp-block-image size-full\"><img loading=\"lazy\" decoding=\"async\" width=\"768\" height=\"600\" src=\"https:\/\/spvggzangberg.de\/wp-content\/uploads\/2025\/05\/Bambini_2025-1.jpg\" alt=\"\" class=\"wp-image-1339\" style=\"aspect-ratio:3\/2;object-fit:cover\" srcset=\"https:\/\/spvggzangberg.de\/wp-content\/uploads\/2025\/05\/Bambini_2025-1.jpg 768w, https:\/\/spvggzangberg.de\/wp-content\/uploads\/2025\/05\/Bambini_2025-1-300x234.jpg 300w\" sizes=\"auto, (max-width: 768px) 100vw, 768px\" \/><\/figure>\n\n\n\n<p><strong>Training:<\/strong> Di<span style=\"font-size: revert; color: initial;\"> 17:00 \u2013 17:45 Uhr\u00a0 \u00a0 \u00a0\u00a0<\/span><\/p>\n<p><strong>Trainerin:<\/strong> Stefan Kern, Michel Elsner<\/p>\n<p><strong>Ort: <\/strong><a href=\"https:\/\/maps.app.goo.gl\/8JLToH4vgePyGdLx8\" target=\"_blank\" rel=\"noopener\">Sportplatz Zangberg<\/a><\/p>\n<\/div>\n\n\n\n<div class=\"wp-block-column is-layout-flow wp-block-column-is-layout-flow\">\n<div class=\"wp-block-group\"><div class=\"wp-block-group__inner-container is-layout-constrained wp-block-group-is-layout-constrained\">\n<h3 class=\"wp-block-heading has-text-align-center\"> G-Jugend<\/h3>\n\n\n\n<figure class=\"wp-block-image size-large\"><img loading=\"lazy\" decoding=\"async\" width=\"1024\" height=\"885\" src=\"https:\/\/spvggzangberg.de\/wp-content\/uploads\/2026\/02\/Bambini_0126-2-1-scaled-e1772288434188-1024x885.jpeg\" alt=\"\" class=\"wp-image-1727\" style=\"aspect-ratio:3\/2;object-fit:cover\" srcset=\"https:\/\/spvggzangberg.de\/wp-content\/uploads\/2026\/02\/Bambini_0126-2-1-scaled-e1772288434188-1024x885.jpeg 1024w, https:\/\/spvggzangberg.de\/wp-content\/uploads\/2026\/02\/Bambini_0126-2-1-scaled-e1772288434188-300x259.jpeg 300w, https:\/\/spvggzangberg.de\/wp-content\/uploads\/2026\/02\/Bambini_0126-2-1-scaled-e1772288434188-768x664.jpeg 768w, https:\/\/spvggzangberg.de\/wp-content\/uploads\/2026\/02\/Bambini_0126-2-1-scaled-e1772288434188-1536x1328.jpeg 1536w, https:\/\/spvggzangberg.de\/wp-content\/uploads\/2026\/02\/Bambini_0126-2-1-scaled-e1772288434188.jpeg 1920w\" sizes=\"auto, (max-width: 1024px) 100vw, 1024px\" \/><\/figure>\n\n\n\n<p><strong>Training:<\/strong> Di, Do 17:00 \u2013 18:15 Uhr \u00a0\u00a0\u00a0\u00a0\u00a0\u00a0<\/p>\n<p><strong>Trainer:<\/strong> Fedor Lobodin, Christian Wildt, Anton Hausperger<\/p>\n<p><strong>Ort: <\/strong><a href=\"https:\/\/maps.app.goo.gl\/8JLToH4vgePyGdLx8\" target=\"_blank\" rel=\"noopener\">Sportplatz Zangberg<\/a><\/p>\n<\/div><\/div>\n<\/div>\n<\/div>\n\n\n\n<div class=\"wp-block-columns is-layout-flex wp-container-core-columns-is-layout-9d6595d7 wp-block-columns-is-layout-flex\">\n<div class=\"wp-block-column is-layout-flow wp-block-column-is-layout-flow\">\n<div class=\"wp-block-group has-black-color has-text-color has-link-color wp-elements-d6885cdcff09658adeb32e8d93365795\"><div class=\"wp-block-group__inner-container is-layout-constrained wp-block-group-is-layout-constrained\">\n<h3 class=\"wp-block-heading has-text-align-center has-black-color has-text-color has-link-color wp-elements-1989bd3065d39ab15c2f41fdbf9d0ea4\">F-Jugend<\/h3>\n\n\n\n<figure class=\"wp-block-image size-full\"><img loading=\"lazy\" decoding=\"async\" width=\"499\" height=\"332\" src=\"https:\/\/spvggzangberg.de\/wp-content\/uploads\/2025\/09\/image.jpeg\" alt=\"Dieses Bild hat ein leeres Alt-Attribut. Der Dateiname ist F_202504-edited.jpg\" class=\"wp-image-1541\" style=\"aspect-ratio:3\/2;object-fit:contain\" srcset=\"https:\/\/spvggzangberg.de\/wp-content\/uploads\/2025\/09\/image.jpeg 499w, https:\/\/spvggzangberg.de\/wp-content\/uploads\/2025\/09\/image-300x200.jpeg 300w\" sizes=\"auto, (max-width: 499px) 100vw, 499px\" \/><\/figure>\n<\/div><\/div>\n\n\n\n<p><strong>Training:<\/strong> Di, Do 16:30 \u2013 18:00 Uhr \u00a0<\/p>\n<p><strong>Trainer:<\/strong> Seppe Rauscheder, Thomas Riemner, Thomas Ecker<\/p>\n<p><strong>Ort:<\/strong> <a href=\"https:\/\/maps.app.goo.gl\/8JLToH4vgePyGdLx8\" target=\"_blank\" rel=\"noopener\">Sportplatz Zangberg<\/a><\/p>\n<\/div>\n\n\n\n<div class=\"wp-block-column is-layout-flow wp-block-column-is-layout-flow\">\n<h3 class=\"wp-block-heading has-text-align-center\">E-Jugend<\/h3>\n\n\n\n<figure class=\"wp-block-image size-full\"><img loading=\"lazy\" decoding=\"async\" width=\"2448\" height=\"1800\" src=\"https:\/\/spvggzangberg.de\/wp-content\/uploads\/2026\/02\/E_251205-10.jpg\" alt=\"\" class=\"wp-image-1737\" style=\"aspect-ratio:3\/2;object-fit:contain\" srcset=\"https:\/\/spvggzangberg.de\/wp-content\/uploads\/2026\/02\/E_251205-10.jpg 2448w, https:\/\/spvggzangberg.de\/wp-content\/uploads\/2026\/02\/E_251205-10-300x221.jpg 300w, https:\/\/spvggzangberg.de\/wp-content\/uploads\/2026\/02\/E_251205-10-1024x753.jpg 1024w, https:\/\/spvggzangberg.de\/wp-content\/uploads\/2026\/02\/E_251205-10-768x565.jpg 768w, https:\/\/spvggzangberg.de\/wp-content\/uploads\/2026\/02\/E_251205-10-1536x1129.jpg 1536w, https:\/\/spvggzangberg.de\/wp-content\/uploads\/2026\/02\/E_251205-10-2048x1506.jpg 2048w\" sizes=\"auto, (max-width: 2448px) 100vw, 2448px\" \/><\/figure>\n\n\n\n<p><strong>Training:<\/strong> Di, Do 17:00 \u2013 18:30 Uhr<\/p>\n<p><strong>Trainer:<\/strong> Lukas Reichl, Lucas Gleser<\/p>\n<p><strong>Ort:<\/strong> <a href=\"https:\/\/maps.app.goo.gl\/8JLToH4vgePyGdLx8\" target=\"_blank\" rel=\"noopener\">Sportplatz Zangberg<\/a><\/p>\n<\/div>\n<\/div>\n\n\n\n<div class=\"wp-block-columns is-layout-flex wp-container-core-columns-is-layout-9d6595d7 wp-block-columns-is-layout-flex\">\n<div class=\"wp-block-column is-layout-flow wp-block-column-is-layout-flow\">\n<div class=\"wp-block-group\"><div class=\"wp-block-group__inner-container is-layout-constrained wp-block-group-is-layout-constrained\">\n<h3 class=\"wp-block-heading has-text-align-center\">D-Jugend SG Zangberg\/Mettenheim<\/h3>\n\n\n\n<figure class=\"wp-block-image size-large\"><img loading=\"lazy\" decoding=\"async\" width=\"1024\" height=\"682\" src=\"https:\/\/spvggzangberg.de\/wp-content\/uploads\/2025\/09\/image-2-1024x682.jpeg\" alt=\"Dieses Bild hat ein leeres Alt-Attribut. Der Dateiname ist D_Jugend_2024-edited.jpg\" class=\"wp-image-1543\" srcset=\"https:\/\/spvggzangberg.de\/wp-content\/uploads\/2025\/09\/image-2-1024x682.jpeg 1024w, https:\/\/spvggzangberg.de\/wp-content\/uploads\/2025\/09\/image-2-300x200.jpeg 300w, https:\/\/spvggzangberg.de\/wp-content\/uploads\/2025\/09\/image-2-768x512.jpeg 768w, https:\/\/spvggzangberg.de\/wp-content\/uploads\/2025\/09\/image-2-1536x1023.jpeg 1536w, https:\/\/spvggzangberg.de\/wp-content\/uploads\/2025\/09\/image-2.jpeg 1600w\" sizes=\"auto, (max-width: 1024px) 100vw, 1024px\" \/><\/figure>\n\n\n\n<p><strong>Training:<\/strong> Mo, Mi 17:00 &#8211; 19:00 Uhr<\/p>\n<p><strong>Trainer:<\/strong> Klaus Zettl, Anton Weichselgartner, Thomas Hartinger<\/p>\n<p><strong>Ort:<\/strong> Mo <a href=\"https:\/\/maps.app.goo.gl\/8JLToH4vgePyGdLx8\" target=\"_blank\" rel=\"noopener\">Sportplatz Zangberg<\/a> Mi <a href=\"https:\/\/maps.google.com\/maps?hl=de&amp;gl=de&amp;um=1&amp;ie=UTF-8&amp;fb=1&amp;sa=X&amp;ftid=0x4775e93a70a758ef:0xa916e00b01b57d6c\" target=\"_blank\" rel=\"noopener\">Sportplatz Mettenheim<\/a><\/p>\n<p><strong><a href=\"https:\/\/www.bfv.de\/mannschaften\/sg-zangberg-mettenheim\/02IR1JC9RC000000VS5489B1VT368TME\" target=\"_blank\" rel=\"noopener\">BFV-Spielplan<\/a><\/strong><\/p>\n<\/div><\/div>\n<\/div>\n\n\n\n<div class=\"wp-block-column is-layout-flow wp-block-column-is-layout-flow\">\n<div class=\"wp-block-group\"><div class=\"wp-block-group__inner-container is-layout-constrained wp-block-group-is-layout-constrained\">\n<h3 class=\"wp-block-heading has-text-align-center has-black-color has-text-color has-link-color wp-elements-1919107c7ecf3ede141d507fb196865d\">C-Jugend SG Zangberg\/Mettenheim<\/h3>\n\n\n\n<div class=\"wp-block-group has-white-color has-text-color has-link-color wp-elements-0e04a7e2153b0f748690c837ffc106f8\"><div class=\"wp-block-group__inner-container is-layout-constrained wp-block-group-is-layout-constrained\">\n<div class=\"wp-block-group has-black-color has-text-color has-link-color wp-elements-7f746d97c4559eae11133810234ed326\"><div class=\"wp-block-group__inner-container is-layout-constrained wp-block-group-is-layout-constrained\">\n<figure class=\"wp-block-image size-large\"><img loading=\"lazy\" decoding=\"async\" width=\"1024\" height=\"768\" src=\"https:\/\/spvggzangberg.de\/wp-content\/uploads\/2024\/10\/IMG-20240928-WA0007-1024x768.jpg\" alt=\"\" class=\"wp-image-938\" style=\"aspect-ratio:3\/2;object-fit:cover\" srcset=\"https:\/\/spvggzangberg.de\/wp-content\/uploads\/2024\/10\/IMG-20240928-WA0007-1024x768.jpg 1024w, https:\/\/spvggzangberg.de\/wp-content\/uploads\/2024\/10\/IMG-20240928-WA0007-300x225.jpg 300w, https:\/\/spvggzangberg.de\/wp-content\/uploads\/2024\/10\/IMG-20240928-WA0007-768x576.jpg 768w, https:\/\/spvggzangberg.de\/wp-content\/uploads\/2024\/10\/IMG-20240928-WA0007-1536x1152.jpg 1536w, https:\/\/spvggzangberg.de\/wp-content\/uploads\/2024\/10\/IMG-20240928-WA0007.jpg 2048w\" sizes=\"auto, (max-width: 1024px) 100vw, 1024px\" \/><\/figure>\n<\/div><\/div>\n<\/div><\/div>\n<\/div><\/div>\n\n\n\n<p><strong>Training:<\/strong> Mo, Mi 18:00 &#8211; 19:30 Uhr<\/p>\n<p><strong>Trainer:<\/strong> Christian Huber, Daniel Schmiedhuber<\/p>\n<p><strong>Ort:<\/strong>\u00a0 Mo <a href=\"https:\/\/maps.app.goo.gl\/8JLToH4vgePyGdLx8\" target=\"_blank\" rel=\"noopener\">Sportplatz Zangberg<\/a> Mi <a href=\"https:\/\/maps.google.com\/maps?hl=de&amp;gl=de&amp;um=1&amp;ie=UTF-8&amp;fb=1&amp;sa=X&amp;ftid=0x4775e93a70a758ef:0xa916e00b01b57d6c\" target=\"_blank\" rel=\"noopener\">Sportplatz Mettenheim<\/a><\/p>\n<p><strong><a href=\"https:\/\/www.bfv.de\/mannschaften\/sg-zangberg-mettenheim-9\/02Q4694UIO000000VS5489B2VUIQEL53\" target=\"_blank\" rel=\"noopener\">BFV-Spielplan<\/a><\/strong><\/p>\n<\/div>\n<\/div>\n\n\n\n<div class=\"wp-block-columns is-layout-flex wp-container-core-columns-is-layout-9d6595d7 wp-block-columns-is-layout-flex\">\n<div class=\"wp-block-column is-layout-flow wp-block-column-is-layout-flow\">\n<div class=\"wp-block-group has-black-color has-text-color has-link-color wp-elements-f68add3a6b2b3d487ee40dcce87d6e93\"><div class=\"wp-block-group__inner-container is-layout-constrained wp-block-group-is-layout-constrained\">\n<h3 class=\"wp-block-heading has-text-align-center\">Herren I + II (Ampfing\/Zangberg)<\/h3>\n\n\n\n<figure class=\"wp-block-image size-full\"><img loading=\"lazy\" decoding=\"async\" width=\"1024\" height=\"768\" src=\"https:\/\/spvggzangberg.de\/wp-content\/uploads\/2023\/12\/IMG-20231204-WA0006.jpg\" alt=\"\" class=\"wp-image-337\" style=\"aspect-ratio:3\/2;object-fit:cover\" srcset=\"https:\/\/spvggzangberg.de\/wp-content\/uploads\/2023\/12\/IMG-20231204-WA0006.jpg 1024w, https:\/\/spvggzangberg.de\/wp-content\/uploads\/2023\/12\/IMG-20231204-WA0006-300x225.jpg 300w, https:\/\/spvggzangberg.de\/wp-content\/uploads\/2023\/12\/IMG-20231204-WA0006-768x576.jpg 768w\" sizes=\"auto, (max-width: 1024px) 100vw, 1024px\" \/><\/figure>\n<\/div><\/div>\n\n\n\n<p><strong>Training:<\/strong> flexibel 2x pro Woche<\/p>\n<p><strong>Trainer:<\/strong> Leutrim Abazai,Yves Deutsch, Robert Kruse<\/p>\n<p><strong>Ort:<\/strong> Ampfing oder <a href=\"https:\/\/maps.app.goo.gl\/8JLToH4vgePyGdLx8\" target=\"_blank\" rel=\"noopener\">Zangberg<\/a><\/p>\n<p><strong><a href=\"https:\/\/www.bfv.de\/mannschaften\/sg-zangberg-i-ampfing-ii-fb-h\/016PKRDM3O000000VV0AG80NVUT1FLRU\" target=\"_blank\" rel=\"noopener\">BFV-Spielplan (SG) Zangberg I\/Ampfing II<\/a><\/strong><\/p>\n<p><strong><a href=\"https:\/\/www.bfv.de\/mannschaften\/sg-zangberg-ii-ampfing-iii\/016PBSKJ3S000000VV0AG80NVV8OQVTB\" target=\"_blank\" rel=\"noopener\">BFV-Spielplan (SG) Zangberg II\/Ampfing III<\/a><\/strong><\/p>\n<\/p>\n<\/div>\n\n\n\n<div class=\"wp-block-column is-layout-flow wp-block-column-is-layout-flow\">\n<h3 class=\"wp-block-heading has-text-align-center\">Alt Herren (AH)<\/h3>\n\n\n\n<figure class=\"wp-block-image size-full\"><img loading=\"lazy\" decoding=\"async\" width=\"1240\" height=\"827\" src=\"https:\/\/spvggzangberg.de\/wp-content\/uploads\/2025\/06\/AH_0625-edited.jpeg\" alt=\"\" class=\"wp-image-1393\" style=\"aspect-ratio:3\/2;object-fit:cover\" srcset=\"https:\/\/spvggzangberg.de\/wp-content\/uploads\/2025\/06\/AH_0625-edited.jpeg 1240w, https:\/\/spvggzangberg.de\/wp-content\/uploads\/2025\/06\/AH_0625-edited-300x200.jpeg 300w, https:\/\/spvggzangberg.de\/wp-content\/uploads\/2025\/06\/AH_0625-edited-1024x683.jpeg 1024w, https:\/\/spvggzangberg.de\/wp-content\/uploads\/2025\/06\/AH_0625-edited-768x512.jpeg 768w\" sizes=\"auto, (max-width: 1240px) 100vw, 1240px\" \/><\/figure>\n\n\n\n<p><strong>Training:<\/strong> Fr 19:00 \u2013 20:30 Uhr &nbsp;&nbsp;&nbsp;&nbsp;&nbsp;&nbsp;<\/p>\n\n\n\n<p><strong>Ort:<\/strong> <a href=\"https:\/\/maps.app.goo.gl\/8JLToH4vgePyGdLx8\" target=\"_blank\" rel=\"noopener\">Sportplatz Zangberg<\/a><\/p>\n\n\n\n<p><a href=\"https:\/\/spvggzangberg.de\/?page_id=806\">Spielplan und Statistik<\/a><\/p>\n\n\n\n<p><\/p>\n<\/div>\n<\/div>\n\n\n\n<h2 class=\"wp-block-heading has-text-align-center has-luminous-vivid-amber-color has-text-color has-link-color wp-elements-40c7d0918b56127061f7f7b9dfd95bbb\">Skigymnastik\/Walken und Turnen<\/h2>\n\n\n\n<div class=\"wp-block-columns is-layout-flex wp-container-core-columns-is-layout-9d6595d7 wp-block-columns-is-layout-flex\">\n<div class=\"wp-block-column is-layout-flow wp-block-column-is-layout-flow\">\n<h3 class=\"wp-block-heading has-text-align-center\" id=\"Skigymnastik\">Skigymnastik im Winter &#8211; Walken im Sommer!<\/h3>\n\n\n\n<figure class=\"wp-block-image size-full\"><img loading=\"lazy\" decoding=\"async\" width=\"1200\" height=\"800\" src=\"https:\/\/spvggzangberg.de\/wp-content\/uploads\/2025\/05\/Skigym_Mai_2025-edited.jpg\" alt=\"\" class=\"wp-image-1362\" style=\"aspect-ratio:3\/2;object-fit:cover\" srcset=\"https:\/\/spvggzangberg.de\/wp-content\/uploads\/2025\/05\/Skigym_Mai_2025-edited.jpg 1200w, https:\/\/spvggzangberg.de\/wp-content\/uploads\/2025\/05\/Skigym_Mai_2025-edited-300x200.jpg 300w, https:\/\/spvggzangberg.de\/wp-content\/uploads\/2025\/05\/Skigym_Mai_2025-edited-1024x683.jpg 1024w, https:\/\/spvggzangberg.de\/wp-content\/uploads\/2025\/05\/Skigym_Mai_2025-edited-768x512.jpg 768w\" sizes=\"auto, (max-width: 1200px) 100vw, 1200px\" \/><\/figure>\n\n\n\n<p><strong>Training:<\/strong> Mo 19:00-20:00 Uhr<\/p>\n<p><strong>Trainerin:<\/strong> Kerstin Lachner<\/p>\n<p><strong>Treffpunkt:<\/strong> <a href=\"https:\/\/maps.app.goo.gl\/dGTwvGTe6MHKZCt19\" target=\"_blank\" rel=\"noopener\">Mehrzweckhalle Zangberg<\/a><\/p>\n<\/div>\n\n\n\n<div class=\"wp-block-column is-layout-flow wp-block-column-is-layout-flow\">\n<div class=\"wp-block-group\"><div class=\"wp-block-group__inner-container is-layout-constrained wp-block-group-is-layout-constrained\">\n<h3 class=\"wp-block-heading has-text-align-center\" id=\"Kinderturnen\">Kinderturnen<\/h3>\n\n\n\n<figure class=\"wp-block-image size-full\"><img loading=\"lazy\" decoding=\"async\" width=\"772\" height=\"515\" src=\"https:\/\/spvggzangberg.de\/wp-content\/uploads\/2025\/05\/Kinderturnen-1-edited.jpg\" alt=\"\" class=\"wp-image-1369\" style=\"aspect-ratio:3\/2;object-fit:cover\" srcset=\"https:\/\/spvggzangberg.de\/wp-content\/uploads\/2025\/05\/Kinderturnen-1-edited.jpg 772w, https:\/\/spvggzangberg.de\/wp-content\/uploads\/2025\/05\/Kinderturnen-1-edited-300x200.jpg 300w, https:\/\/spvggzangberg.de\/wp-content\/uploads\/2025\/05\/Kinderturnen-1-edited-768x512.jpg 768w\" sizes=\"auto, (max-width: 772px) 100vw, 772px\" \/><\/figure>\n\n\n\n<p><strong>Training:<\/strong> Do 14:30 \u2013 16:30 Uhr<\/p>\n<p><strong>Trainerinnen:<\/strong> Sabrina H\u00fcller, Andrea Frisch<\/p>\n<p><strong>Ort:<\/strong> <a href=\"https:\/\/maps.app.goo.gl\/dGTwvGTe6MHKZCt19\" target=\"_blank\" rel=\"noopener\">Mehrzweckhalle Zangberg<\/a><\/p>\n<\/div><\/div>\n<\/div>\n<\/div>\n\n\n\n<div class=\"wp-block-group\"><div class=\"wp-block-group__inner-container is-layout-constrained wp-block-group-is-layout-constrained\">\n<h3 class=\"wp-block-heading has-text-align-center\" id=\"Seniorenturnen\">Seniorenturnen<\/h3>\n\n\n<div class=\"wp-block-image\">\n<figure class=\"aligncenter size-large\"><img loading=\"lazy\" decoding=\"async\" width=\"1024\" height=\"461\" src=\"https:\/\/spvggzangberg.de\/wp-content\/uploads\/2024\/06\/IMG_20240606_163854-1024x461.jpg\" alt=\"\" class=\"wp-image-730\" srcset=\"https:\/\/spvggzangberg.de\/wp-content\/uploads\/2024\/06\/IMG_20240606_163854-1024x461.jpg 1024w, https:\/\/spvggzangberg.de\/wp-content\/uploads\/2024\/06\/IMG_20240606_163854-300x135.jpg 300w, https:\/\/spvggzangberg.de\/wp-content\/uploads\/2024\/06\/IMG_20240606_163854-768x346.jpg 768w, https:\/\/spvggzangberg.de\/wp-content\/uploads\/2024\/06\/IMG_20240606_163854-1536x691.jpg 1536w, https:\/\/spvggzangberg.de\/wp-content\/uploads\/2024\/06\/IMG_20240606_163854-2048x922.jpg 2048w\" sizes=\"auto, (max-width: 1024px) 100vw, 1024px\" \/><\/figure><\/div>\n\n\n<p><strong>Training:<\/strong> Di 15:30 &#8211; 17:00 Uhr<\/p>\n<p><strong>Trainerin:<\/strong> Anita Wimmer<\/p>\n<p><strong>Ort:<\/strong> <a href=\"https:\/\/maps.app.goo.gl\/dGTwvGTe6MHKZCt19\" target=\"_blank\" rel=\"noopener\">Mehrzweckhalle Zangberg<\/a><\/p>\n<\/div><\/div>\n\n\n\n<h2 class=\"wp-block-heading has-text-align-center has-luminous-vivid-amber-color has-text-color has-link-color wp-elements-888766155051f8ed9dedde531e688674\" id=\"Stocksch\u00fctzen\">Stocksch\u00fctzen<\/h2>\n\n\n\n<h4 class=\"wp-block-heading has-text-align-center\">Neue zus\u00e4tzliche Trainigszeit f\u00fcr alle, die Lust und Zeit haben, am Donnerstag ab 14:00 Uhr!<\/h4>\n\n\n\n<div class=\"wp-block-columns is-layout-flex wp-container-core-columns-is-layout-9d6595d7 wp-block-columns-is-layout-flex\">\n<div class=\"wp-block-column is-layout-flow wp-block-column-is-layout-flow\">\n<div class=\"wp-block-group\"><div class=\"wp-block-group__inner-container is-layout-constrained wp-block-group-is-layout-constrained\">\n<h3 class=\"wp-block-heading has-text-align-center\">Herren<\/h3>\n\n\n\n<figure class=\"wp-block-image size-full\"><img loading=\"lazy\" decoding=\"async\" width=\"845\" height=\"563\" src=\"https:\/\/spvggzangberg.de\/wp-content\/uploads\/2025\/05\/Stockschuetzen-edited.jpg\" alt=\"\" class=\"wp-image-1368\" style=\"aspect-ratio:3\/2;object-fit:cover\" srcset=\"https:\/\/spvggzangberg.de\/wp-content\/uploads\/2025\/05\/Stockschuetzen-edited.jpg 845w, https:\/\/spvggzangberg.de\/wp-content\/uploads\/2025\/05\/Stockschuetzen-edited-300x200.jpg 300w, https:\/\/spvggzangberg.de\/wp-content\/uploads\/2025\/05\/Stockschuetzen-edited-768x512.jpg 768w\" sizes=\"auto, (max-width: 845px) 100vw, 845px\" \/><\/figure>\n\n\n\n<p><strong>Training:<\/strong> Di 18:00 &#8211; 21:00 Uhr<\/p>\n<p><strong>Ansprechpartner:<\/strong> Oliver Riedl<\/p>\n<p><strong>Ort:<\/strong> <a href=\"https:\/\/maps.app.goo.gl\/81kWHAo5RFF8A6RV8\" target=\"_blank\" rel=\"noopener\">Stockbahn<\/a> beim SLZ\u00a0<\/p>\n<\/div><\/div>\n<\/div>\n\n\n\n<div class=\"wp-block-column is-layout-flow wp-block-column-is-layout-flow\">\n<div class=\"wp-block-group\"><div class=\"wp-block-group__inner-container is-layout-constrained wp-block-group-is-layout-constrained\">\n<div class=\"wp-block-group has-white-background-color has-background\"><div class=\"wp-block-group__inner-container is-layout-constrained wp-block-group-is-layout-constrained\">\n<h3 class=\"wp-block-heading has-text-align-center\">Damen<\/h3>\n<\/div><\/div>\n\n\n\n<figure class=\"wp-block-image size-full\"><img loading=\"lazy\" decoding=\"async\" width=\"748\" height=\"588\" src=\"https:\/\/spvggzangberg.de\/wp-content\/uploads\/2024\/07\/Stockschuetzen_Damen_2024.jpg\" alt=\"\" class=\"wp-image-835\" style=\"aspect-ratio:3\/2;object-fit:cover\" srcset=\"https:\/\/spvggzangberg.de\/wp-content\/uploads\/2024\/07\/Stockschuetzen_Damen_2024.jpg 748w, https:\/\/spvggzangberg.de\/wp-content\/uploads\/2024\/07\/Stockschuetzen_Damen_2024-300x236.jpg 300w\" sizes=\"auto, (max-width: 748px) 100vw, 748px\" \/><\/figure>\n<\/div><\/div>\n\n\n\n<p><strong>Training:<\/strong> Mi 18:30 &#8211; 21:00 Uhr<\/p>\n<p><strong>Ansprechpartnerin:<\/strong> Birgit Auer<\/p>\n<p><strong>Trainer:<\/strong> Josef Wastlhuber<\/p>\n<p><strong>Ort:<\/strong> <a href=\"https:\/\/maps.app.goo.gl\/81kWHAo5RFF8A6RV8\" target=\"_blank\" rel=\"noopener\">Stockbahn<\/a> beim SLZ\u00a0<\/p>\n<\/div>\n<\/div>\n\n\n\n<h2 class=\"wp-block-heading has-text-align-center has-luminous-vivid-amber-color has-text-color has-link-color wp-elements-7b6d9edb92428afced0219cb29a53372\">Basketball und Volleyball<\/h2>\n\n\n\n<div class=\"wp-block-columns is-layout-flex wp-container-core-columns-is-layout-9d6595d7 wp-block-columns-is-layout-flex\">\n<div class=\"wp-block-column is-layout-flow wp-block-column-is-layout-flow\">\n<h3 class=\"wp-block-heading has-text-align-center\" id=\"Basketball\">Basketball<\/h3>\n\n\n<div class=\"wp-block-image\">\n<figure class=\"aligncenter size-full\"><img loading=\"lazy\" decoding=\"async\" width=\"1024\" height=\"683\" src=\"https:\/\/spvggzangberg.de\/wp-content\/uploads\/2025\/05\/image-3-edited.jpeg\" alt=\"Dieses Bild hat ein leeres Alt-Attribut. Der Dateiname ist Basketball-1024x819.jpg\" class=\"wp-image-1374\" style=\"aspect-ratio:3\/2;object-fit:cover\" srcset=\"https:\/\/spvggzangberg.de\/wp-content\/uploads\/2025\/05\/image-3-edited.jpeg 1024w, https:\/\/spvggzangberg.de\/wp-content\/uploads\/2025\/05\/image-3-edited-300x200.jpeg 300w, https:\/\/spvggzangberg.de\/wp-content\/uploads\/2025\/05\/image-3-edited-768x512.jpeg 768w\" sizes=\"auto, (max-width: 1024px) 100vw, 1024px\" \/><\/figure><\/div>\n\n\n<p><strong>Training:<\/strong> Mi 20:00 \u2013 22:00 Uhr<\/p>\n<p><strong>Ansprechpartner:<\/strong> Lutz Woldrich<\/p>\n<p><strong>Ort:<\/strong> <a href=\"https:\/\/maps.app.goo.gl\/dGTwvGTe6MHKZCt19\" target=\"_blank\" rel=\"noopener\">Mehrzweckhalle Zangberg<\/a><\/p>\n<\/div>\n\n\n\n<div class=\"wp-block-column is-layout-flow wp-block-column-is-layout-flow\">\n<div class=\"wp-block-group\"><div class=\"wp-block-group__inner-container is-layout-constrained wp-block-group-is-layout-constrained\">\n<h3 class=\"wp-block-heading has-text-align-center\" id=\"Volleyball\">Volleyball<\/h3>\n\n\n\n<figure class=\"wp-block-image size-full\"><img loading=\"lazy\" decoding=\"async\" width=\"1868\" height=\"1153\" src=\"https:\/\/spvggzangberg.de\/wp-content\/uploads\/2026\/02\/IMG_20251204_201613.jpg\" alt=\"\" class=\"wp-image-1739\" style=\"aspect-ratio:3\/2;object-fit:cover\" srcset=\"https:\/\/spvggzangberg.de\/wp-content\/uploads\/2026\/02\/IMG_20251204_201613.jpg 1868w, https:\/\/spvggzangberg.de\/wp-content\/uploads\/2026\/02\/IMG_20251204_201613-300x185.jpg 300w, https:\/\/spvggzangberg.de\/wp-content\/uploads\/2026\/02\/IMG_20251204_201613-1024x632.jpg 1024w, https:\/\/spvggzangberg.de\/wp-content\/uploads\/2026\/02\/IMG_20251204_201613-768x474.jpg 768w, https:\/\/spvggzangberg.de\/wp-content\/uploads\/2026\/02\/IMG_20251204_201613-1536x948.jpg 1536w\" sizes=\"auto, (max-width: 1868px) 100vw, 1868px\" \/><\/figure>\n\n\n\n<p><strong>Training:<\/strong> Do 20:00 \u2013 22:00 Uhr<\/p>\n<p><strong>Ansprechpartnerin:<\/strong> Constanze Gleser\u00a0<\/p>\n<p><strong>Ort:<\/strong> <a href=\"https:\/\/maps.app.goo.gl\/dGTwvGTe6MHKZCt19\" target=\"_blank\" rel=\"noopener\">Mehrzweckhalle Zangberg<\/a><\/p>\n<\/div><\/div>\n<\/div>\n<\/div>\n\n\n\n<h2 class=\"wp-block-heading has-text-align-center has-luminous-vivid-amber-color has-text-color has-link-color wp-elements-120839e08364db29e71fddd7da20f78d\">Tanzen f\u00fcr Klein und Gro\u00df!<\/h2>\n\n\n\n<div class=\"wp-block-columns is-layout-flex wp-container-core-columns-is-layout-9d6595d7 wp-block-columns-is-layout-flex\">\n<div class=\"wp-block-column is-layout-flow wp-block-column-is-layout-flow\">\n<div class=\"wp-block-group\"><div class=\"wp-block-group__inner-container is-layout-constrained wp-block-group-is-layout-constrained\">\n<h3 class=\"wp-block-heading has-text-align-center\" id=\"Tanzen\">Tanzen mit den Dance Lights<\/h3>\n\n\n\n<figure class=\"wp-block-image size-full\"><img loading=\"lazy\" decoding=\"async\" width=\"1600\" height=\"1067\" src=\"https:\/\/spvggzangberg.de\/wp-content\/uploads\/2025\/05\/IMG-20241218-WA0001-edited.jpg\" alt=\"\" class=\"wp-image-1365\" style=\"aspect-ratio:3\/2;object-fit:cover\" srcset=\"https:\/\/spvggzangberg.de\/wp-content\/uploads\/2025\/05\/IMG-20241218-WA0001-edited.jpg 1600w, https:\/\/spvggzangberg.de\/wp-content\/uploads\/2025\/05\/IMG-20241218-WA0001-edited-300x200.jpg 300w, https:\/\/spvggzangberg.de\/wp-content\/uploads\/2025\/05\/IMG-20241218-WA0001-edited-1024x683.jpg 1024w, https:\/\/spvggzangberg.de\/wp-content\/uploads\/2025\/05\/IMG-20241218-WA0001-edited-768x512.jpg 768w, https:\/\/spvggzangberg.de\/wp-content\/uploads\/2025\/05\/IMG-20241218-WA0001-edited-1536x1024.jpg 1536w\" sizes=\"auto, (max-width: 1600px) 100vw, 1600px\" \/><\/figure>\n\n\n\n<p><strong>Training:<\/strong> Mi 17:00 \u2013 18:30 Uhr<\/p>\n<p><strong>Trainerinnen: <\/strong>Tina und Nina Fischer<\/p>\n<p><strong>Ort:<\/strong> <a href=\"https:\/\/maps.app.goo.gl\/dGTwvGTe6MHKZCt19\" target=\"_blank\" rel=\"noopener\">Mehrzweckhalle Zangberg<\/a><\/p>\n<\/div><\/div>\n<\/div>\n\n\n\n<div class=\"wp-block-column is-layout-flow wp-block-column-is-layout-flow\">\n<h3 class=\"wp-block-heading has-text-align-center\" id=\"Garde\">Zangberger M\u00e4nnergarde<\/h3>\n\n\n\n<figure class=\"wp-block-image size-full\"><img loading=\"lazy\" decoding=\"async\" width=\"1024\" height=\"683\" src=\"https:\/\/spvggzangberg.de\/wp-content\/uploads\/2025\/05\/Maennergarde2-edited.jpg\" alt=\"\" class=\"wp-image-1366\" style=\"aspect-ratio:3\/2;object-fit:cover\" srcset=\"https:\/\/spvggzangberg.de\/wp-content\/uploads\/2025\/05\/Maennergarde2-edited.jpg 1024w, https:\/\/spvggzangberg.de\/wp-content\/uploads\/2025\/05\/Maennergarde2-edited-300x200.jpg 300w, https:\/\/spvggzangberg.de\/wp-content\/uploads\/2025\/05\/Maennergarde2-edited-768x512.jpg 768w\" sizes=\"auto, (max-width: 1024px) 100vw, 1024px\" \/><\/figure>\n\n\n\n<p style=\"text-align: center;\"><strong>Nach der Gaudi ist vor der Gaudi!<\/strong><\/p>\n<p style=\"text-align: center;\">Bis zur Saision 2025\/26!<\/p>\n<p><strong>Trainerinnen:<\/strong> Beate Rauscheder, Tina Fischer, Birgit Auer, Sandra Auer<\/p>\n<\/div>\n<\/div>\n","protected":false},"excerpt":{"rendered":"<p>Fussball Ansprechpartner Jugend: Stefan Kern: 01516 7220859 s.kern.1993@web.de Ansprechpartner Herren: Rene Mailhammer: 0174 3748323 Robert Kruse: 0175 8477178 Ansprechpartner AH: Bj\u00f6rn Seifen: 01514 6178733 BFV &#8211; Mannschafts\u00fcbersicht Bambini &#8211; Ballgew\u00f6hnungsgruppe Training: Di 17:00 \u2013 17:45 Uhr\u00a0 \u00a0 \u00a0\u00a0 Trainerin: Stefan Kern, Michel Elsner Ort: Sportplatz Zangberg G-Jugend Training: Di, Do 17:00 \u2013 18:15 Uhr \u00a0\u00a0\u00a0\u00a0\u00a0\u00a0 [&hellip;]<\/p>\n","protected":false},"author":1,"featured_media":0,"parent":0,"menu_order":0,"comment_status":"closed","ping_status":"closed","template":"","meta":{"footnotes":""},"class_list":["post-270","page","type-page","status-publish","hentry"],"_links":{"self":[{"href":"https:\/\/spvggzangberg.de\/index.php?rest_route=\/wp\/v2\/pages\/270","targetHints":{"allow":["GET"]}}],"collection":[{"href":"https:\/\/spvggzangberg.de\/index.php?rest_route=\/wp\/v2\/pages"}],"about":[{"href":"https:\/\/spvggzangberg.de\/index.php?rest_route=\/wp\/v2\/types\/page"}],"author":[{"embeddable":true,"href":"https:\/\/spvggzangberg.de\/index.php?rest_route=\/wp\/v2\/users\/1"}],"replies":[{"embeddable":true,"href":"https:\/\/spvggzangberg.de\/index.php?rest_route=%2Fwp%2Fv2%2Fcomments&post=270"}],"version-history":[{"count":97,"href":"https:\/\/spvggzangberg.de\/index.php?rest_route=\/wp\/v2\/pages\/270\/revisions"}],"predecessor-version":[{"id":1755,"href":"https:\/\/spvggzangberg.de\/index.php?rest_route=\/wp\/v2\/pages\/270\/revisions\/1755"}],"wp:attachment":[{"href":"https:\/\/spvggzangberg.de\/index.php?rest_route=%2Fwp%2Fv2%2Fmedia&parent=270"}],"curies":[{"name":"wp","href":"https:\/\/api.w.org\/{rel}","templated":true}]}}